{"id":7850,"date":"2022-08-08T08:24:34","date_gmt":"2022-08-08T06:24:34","guid":{"rendered":"https:\/\/dgtpcc.md\/?page_id=7850"},"modified":"2022-11-24T10:47:27","modified_gmt":"2022-11-24T08:47:27","slug":"lucrari-de-intretinere-exdrupo","status":"publish","type":"page","link":"https:\/\/dgtpcc.md\/?page_id=7850","title":{"rendered":"Lucr\u0103ri de \u00eentre\u021binere (Exdrupo)"},"content":{"rendered":"\t\t<div data-elementor-type=\"wp-page\" data-elementor-id=\"7850\" class=\"elementor elementor-7850\">\n\t\t\t\t\t\t<section class=\"elementor-section elementor-top-section elementor-element elementor-element-99fa266 elementor-section-boxed elementor-section-height-default elementor-section-height-default default-style\" data-id=\"99fa266\" data-element_type=\"section\" data-e-type=\"section\" data-settings=\"{&quot;rt_color_sets&quot;:&quot;default-style&quot;}\">\n\t\t\t\t\t\t<div class=\"elementor-container elementor-column-gap-default\">\n\t\t\t\t\t<div class=\"elementor-column elementor-col-50 elementor-top-column elementor-element elementor-element-27035ec\" data-id=\"27035ec\" data-element_type=\"column\" data-e-type=\"column\">\n\t\t\t<div class=\"elementor-widget-wrap elementor-element-populated\">\n\t\t\t\t\t\t<div class=\"elementor-element elementor-element-42e59d6 elementor-widget elementor-widget-spacer\" data-id=\"42e59d6\" data-element_type=\"widget\" data-e-type=\"widget\" data-widget_type=\"spacer.default\">\n\t\t\t\t<div class=\"elementor-widget-container\">\n\t\t\t\t\t\t\t<div class=\"elementor-spacer\">\n\t\t\t<div class=\"elementor-spacer-inner\"><\/div>\n\t\t<\/div>\n\t\t\t\t\t\t<\/div>\n\t\t\t\t<\/div>\n\t\t\t\t<div class=\"elementor-element elementor-element-478b0d2 elementor-widget elementor-widget-shortcode\" data-id=\"478b0d2\" data-element_type=\"widget\" data-e-type=\"widget\" data-widget_type=\"shortcode.default\">\n\t\t\t\t<div class=\"elementor-widget-container\">\n\t\t\t\t\t\t\t<div class=\"elementor-shortcode\"><div class='w3eden'><!-- WPDM Link Template: Default Template -->\n\n<div class=\"link-template-default card mb-2\">\n    <div class=\"card-body\">\n        <div class=\"media\">\n            <div class=\"mr-3 img-48\"><img decoding=\"async\" class=\"wpdm_icon\" alt=\"Icon\" src=\"https:\/\/dgtpcc.md\/wp-content\/plugins\/download-manager\/assets\/file-type-icons\/pdf.svg\" \/><\/div>\n            <div class=\"media-body\">\n                <h3 class=\"package-title\"><a href='https:\/\/dgtpcc.md\/?wpdmpro=plan-de-interventii-2022'>Plan de interven\u021bii 2022<\/a><\/h3>\n                <div class=\"text-muted text-small\"><i class=\"fas fa-copy\"><\/i> 1 file(s) <i class=\"fas fa-hdd ml-3\"><\/i> 0.00 KB<\/div>\n            <\/div>\n            <div class=\"ml-3\">\n                <a class='wpdm-download-link download-on-click btn btn-primary ' rel='nofollow' href='#' data-downloadurl=\"https:\/\/dgtpcc.md\/?wpdmpro=plan-de-interventii-2022&wpdmdl=7852&refresh=69f3512124fa91777553697\">Download<\/a>\n            <\/div>\n        <\/div>\n    <\/div>\n<\/div>\n\n<\/div><\/div>\n\t\t\t\t\t\t<\/div>\n\t\t\t\t<\/div>\n\t\t\t\t\t<\/div>\n\t\t<\/div>\n\t\t\t\t<div class=\"elementor-column elementor-col-50 elementor-top-column elementor-element elementor-element-69d98d3\" data-id=\"69d98d3\" data-element_type=\"column\" data-e-type=\"column\">\n\t\t\t<div class=\"elementor-widget-wrap\">\n\t\t\t\t\t\t\t<\/div>\n\t\t<\/div>\n\t\t\t\t\t<\/div>\n\t\t<\/section>\n\t\t\t\t<section class=\"elementor-section elementor-top-section elementor-element elementor-element-feea7a9 elementor-section-boxed elementor-section-height-default elementor-section-height-default default-style\" data-id=\"feea7a9\" data-element_type=\"section\" data-e-type=\"section\" data-settings=\"{&quot;rt_color_sets&quot;:&quot;default-style&quot;}\">\n\t\t\t\t\t\t<div class=\"elementor-container elementor-column-gap-default\">\n\t\t\t\t\t<div class=\"elementor-column elementor-col-100 elementor-top-column elementor-element elementor-element-e574794\" data-id=\"e574794\" data-element_type=\"column\" data-e-type=\"column\">\n\t\t\t<div class=\"elementor-widget-wrap elementor-element-populated\">\n\t\t\t\t\t\t<div class=\"elementor-element elementor-element-0148fb6 elementor-widget elementor-widget-rt-blog\" data-id=\"0148fb6\" data-element_type=\"widget\" data-e-type=\"widget\" data-widget_type=\"rt-blog.default\">\n\t\t\t\t<div class=\"elementor-widget-container\">\n\t\t\t\t\t\n<div id=\"blog-dynamicID-369404\" class=\"blog_list clearfix fixed_heights\" data-column-width=\"3\">\n<div class=\"row clearfix\">\n<article id=\"7998\" class=\"col col-sm-4 post-7998 post type-post status-publish format-standard has-post-thumbnail hentry category-comunicate category-lucrari_intretinere\"><div class=\"post-content-wrapper boxed\">\n \n\n<!-- blog box-->\n\t\t\t\t<figure class=\"featured_image featured_media\">\n\t\t\t<a href=\"https:\/\/dgtpcc.md\/?p=7998\" title=\"Repara\u021bia str\u0103zii Cuza Vod\u0103, sectorul Botanica\" class=\"imgeffect link featured_image\"><img fetchpriority=\"high\" decoding=\"async\" src=\"https:\/\/dgtpcc.md\/wp-content\/uploads\/2022\/08\/Reparatia-strazii-Cuza-Voda-480x275.jpg\" alt=\"\" class=\"\" width=\"480\" height=\"275\" \/><\/a>\t\t\n\t\t<\/figure> \n\t\t\n\t<a href=\"https:\/\/dgtpcc.md\/?p=7998\" title=\"Repara\u021bia str\u0103zii Cuza Vod\u0103, sectorul Botanica\" class=\"post-date\">12 august 2022<\/a>\t\t\t\t\n\n\t<div class=\"entry-content text\">\n\n\t\t<!-- blog headline-->\n\t\t<h5 class=\"entry-title\"><a href=\"https:\/\/dgtpcc.md\/?p=7998\" rel=\"bookmark\">Repara\u021bia str\u0103zii Cuza Vod\u0103, sectorul Botanica<\/a><\/h5> \n\n\t\t\n\t\t<p>Pe strada Cuza Vod\u0103, tronsonul bd. Dacia &#8211; str. Sarmisegetusa, continu\u0103 lucr\u0103rile de reabilita...<\/p>\t<\/div> \n\n\t<div class=\"entry-footer\">\n\n\t\t<a href=\"https:\/\/dgtpcc.md\/?p=7998\" class=\"read_more\">Continue reading<\/a>\n\t<\/div>\n\n<!-- \/ blog box-->\n<\/div><\/article>\n<article id=\"7902\" class=\"col col-sm-4 post-7902 post type-post status-publish format-standard has-post-thumbnail hentry category-comunicate category-lucrari_intretinere\"><div class=\"post-content-wrapper boxed\">\n \n\n<!-- blog box-->\n\t\t\t\t<figure class=\"featured_image featured_media\">\n\t\t\t<a href=\"https:\/\/dgtpcc.md\/?p=7902\" title=\"Au \u00eenceput lucr\u0103rile de repara\u021bie a str\u0103zii Ion Neculce, sectorul Buiucani\" class=\"imgeffect link featured_image\"><img decoding=\"async\" src=\"https:\/\/dgtpcc.md\/wp-content\/uploads\/2022\/08\/drumuri-480x275.jpg\" alt=\"\" class=\"\" width=\"480\" height=\"275\" \/><\/a>\t\t\n\t\t<\/figure> \n\t\t\n\t<a href=\"https:\/\/dgtpcc.md\/?p=7902\" title=\"Au \u00eenceput lucr\u0103rile de repara\u021bie a str\u0103zii Ion Neculce, sectorul Buiucani\" class=\"post-date\">11 august 2022<\/a>\t\t\t\t\n\n\t<div class=\"entry-content text\">\n\n\t\t<!-- blog headline-->\n\t\t<h5 class=\"entry-title\"><a href=\"https:\/\/dgtpcc.md\/?p=7902\" rel=\"bookmark\">Au \u00eenceput lucr\u0103rile de repara\u021bie a str\u0103zii Ion Neculce, sectorul Buiucani<\/a><\/h5> \n\n\t\t\n\t\t<p>Strada Ion Neculce va fi reabilitat\u0103 integral, at\u00e2t partea carosabil\u0103, c\u00e2t \u0219i trotuarele. Drumarii R...<\/p>\t<\/div> \n\n\t<div class=\"entry-footer\">\n\n\t\t<a href=\"https:\/\/dgtpcc.md\/?p=7902\" class=\"read_more\">Continue reading<\/a>\n\t<\/div>\n\n<!-- \/ blog box-->\n<\/div><\/article>\n<article id=\"7959\" class=\"col col-sm-4 post-7959 post type-post status-publish format-standard has-post-thumbnail hentry category-comunicate category-lucrari_intretinere\"><div class=\"post-content-wrapper boxed\">\n \n\n<!-- blog box-->\n\t\t\t\t<figure class=\"featured_image featured_media\">\n\t\t\t<a href=\"https:\/\/dgtpcc.md\/?p=7959\" title=\"Pe str. Calea Ie\u0219ilor, sectorul Buiucani, au demarat lucr\u0103rile de reabilitare a carosabilului\" class=\"imgeffect link featured_image\"><img decoding=\"async\" src=\"https:\/\/dgtpcc.md\/wp-content\/uploads\/2022\/07\/reabilitare-calea-iesilor_-_-480x275.jpg\" alt=\"\" class=\"\" width=\"480\" height=\"275\" \/><\/a>\t\t\n\t\t<\/figure> \n\t\t\n\t<a href=\"https:\/\/dgtpcc.md\/?p=7959\" title=\"Pe str. Calea Ie\u0219ilor, sectorul Buiucani, au demarat lucr\u0103rile de reabilitare a carosabilului\" class=\"post-date\">13 iulie 2022<\/a>\t\t\t\t\n\n\t<div class=\"entry-content text\">\n\n\t\t<!-- blog headline-->\n\t\t<h5 class=\"entry-title\"><a href=\"https:\/\/dgtpcc.md\/?p=7959\" rel=\"bookmark\">Pe str. Calea Ie\u0219ilor, sectorul Buiucani, au demarat lucr\u0103rile de reabilitare a carosabilului<\/a><\/h5> \n\n\t\t\n\t\t<p>Drumarii din cadrul \u00eentreprinderii Regia \u201eExdrupo\u201d au ini\u021biat ac\u021biunile de repara\u021bie curent\u0103 a str\u0103z...<\/p>\t<\/div> \n\n\t<div class=\"entry-footer\">\n\n\t\t<a href=\"https:\/\/dgtpcc.md\/?p=7959\" class=\"read_more\">Continue reading<\/a>\n\t<\/div>\n\n<!-- \/ blog box-->\n<\/div><\/article>\n<\/div>\n<div class=\"row clearfix\">\n<article id=\"7921\" class=\"col col-sm-4 post-7921 post type-post status-publish format-standard has-post-thumbnail hentry category-comunicate category-lucrari_intretinere\"><div class=\"post-content-wrapper boxed\">\n \n\n<!-- blog box-->\n\t\t\t\t<figure class=\"featured_image featured_media\">\n\t\t\t<a href=\"https:\/\/dgtpcc.md\/?p=7921\" title=\"Strada 27 Martie 1918 din sectorul Buiucani a fost reparat\u0103\" class=\"imgeffect link featured_image\"><img loading=\"lazy\" decoding=\"async\" src=\"https:\/\/dgtpcc.md\/wp-content\/uploads\/2022\/08\/strada-27-martie-480x275.jpg\" alt=\"\" class=\"\" width=\"480\" height=\"275\" \/><\/a>\t\t\n\t\t<\/figure> \n\t\t\n\t<a href=\"https:\/\/dgtpcc.md\/?p=7921\" title=\"Strada 27 Martie 1918 din sectorul Buiucani a fost reparat\u0103\" class=\"post-date\">7 iulie 2022<\/a>\t\t\t\t\n\n\t<div class=\"entry-content text\">\n\n\t\t<!-- blog headline-->\n\t\t<h5 class=\"entry-title\"><a href=\"https:\/\/dgtpcc.md\/?p=7921\" rel=\"bookmark\">Strada 27 Martie 1918 din sectorul Buiucani a fost reparat\u0103<\/a><\/h5> \n\n\t\t\n\t\t<p>Lucr\u0103rile de repara\u021bie curent\u0103 a str\u0103zii 27 Martie 1918 din sectorul Buiucani au ajuns la final. Str...<\/p>\t<\/div> \n\n\t<div class=\"entry-footer\">\n\n\t\t<a href=\"https:\/\/dgtpcc.md\/?p=7921\" class=\"read_more\">Continue reading<\/a>\n\t<\/div>\n\n<!-- \/ blog box-->\n<\/div><\/article>\n<article id=\"7937\" class=\"col col-sm-4 post-7937 post type-post status-publish format-standard has-post-thumbnail hentry category-comunicate category-lucrari_intretinere\"><div class=\"post-content-wrapper boxed\">\n \n\n<!-- blog box-->\n\t\t\t\t<figure class=\"featured_image featured_media\">\n\t\t\t<a href=\"https:\/\/dgtpcc.md\/?p=7937\" title=\"Repara\u021bia curent\u0103 a carosabilului \u0219i trotuarelor de pe bd. Rena\u0219terii Na\u021bionale\" class=\"imgeffect link featured_image\"><img loading=\"lazy\" decoding=\"async\" src=\"https:\/\/dgtpcc.md\/wp-content\/uploads\/2022\/08\/renasterii-480x275.jpg\" alt=\"\" class=\"\" width=\"480\" height=\"275\" \/><\/a>\t\t\n\t\t<\/figure> \n\t\t\n\t<a href=\"https:\/\/dgtpcc.md\/?p=7937\" title=\"Repara\u021bia curent\u0103 a carosabilului \u0219i trotuarelor de pe bd. Rena\u0219terii Na\u021bionale\" class=\"post-date\">20 iunie 2022<\/a>\t\t\t\t\n\n\t<div class=\"entry-content text\">\n\n\t\t<!-- blog headline-->\n\t\t<h5 class=\"entry-title\"><a href=\"https:\/\/dgtpcc.md\/?p=7937\" rel=\"bookmark\">Repara\u021bia curent\u0103 a carosabilului \u0219i trotuarelor de pe bd. Rena\u0219terii Na\u021bionale<\/a><\/h5> \n\n\t\t\n\t\t<p>Pe bd. Rena\u0219terii Na\u021bionale au demarat lucr\u0103rile de repara\u021bie curent\u0103 a carosabilului. Vor fi reabil...<\/p>\t<\/div> \n\n\t<div class=\"entry-footer\">\n\n\t\t<a href=\"https:\/\/dgtpcc.md\/?p=7937\" class=\"read_more\">Continue reading<\/a>\n\t<\/div>\n\n<!-- \/ blog box-->\n<\/div><\/article>\n<article id=\"7326\" class=\"col col-sm-4 post-7326 post type-post status-publish format-gallery has-post-thumbnail hentry category-comunicate category-galerie-foto category-lucrari_intretinere category-slide post_format-post-format-gallery\"><div class=\"post-content-wrapper boxed\">\n \n\n\n\n<!-- blog box-->\n\n\t\t<figure class=\"featured_image featured_media\">\n\t\t<a href=\"https:\/\/dgtpcc.md\/?p=7326\" title=\"O nou\u0103 band\u0103 de circula\u021bie \u00een intersec\u021bia str\u0103zilor Calea Orheiului \u0219i Studen\u021bilor\" class=\"imgeffect gallery\"><img loading=\"lazy\" decoding=\"async\" src=\"https:\/\/dgtpcc.md\/wp-content\/uploads\/2022\/05\/banda-480x275.jpg\" alt=\"\" class=\"\" width=\"480\" height=\"275\" \/><\/a>\t\t\n\t<\/figure> \n\t\n\t \n\n\t<a href=\"https:\/\/dgtpcc.md\/?p=7326\" title=\"O nou\u0103 band\u0103 de circula\u021bie \u00een intersec\u021bia str\u0103zilor Calea Orheiului \u0219i Studen\u021bilor\" class=\"post-date\">19 mai 2022<\/a>\t\t\t\t\n\n\t<div class=\"entry-content text\">\n\n\t\t<!-- blog headline-->\n\t\t<h5 class=\"entry-title\"><a href=\"https:\/\/dgtpcc.md\/?p=7326\" rel=\"bookmark\">O nou\u0103 band\u0103 de circula\u021bie \u00een intersec\u021bia str\u0103zilor Calea Orheiului \u0219i Studen\u021bilor<\/a><\/h5> \n\n\t\t\n\t\t<p>Lucr\u0103ri finalizate la banda suplimentar\u0103 de virare din intersec\u021bia str\u0103zilor Calea Orheiului \u0219i Stud...<\/p>\t<\/div> \n\n\t<div class=\"entry-footer\">\n\n\t\t<a href=\"https:\/\/dgtpcc.md\/?p=7326\" class=\"read_more\">Continue reading<\/a>\n\t<\/div>\n\n<!-- \/ blog box--><\/div><\/article>\n<\/div>\n<\/div>\n\t\t\t\t<\/div>\n\t\t\t\t<\/div>\n\t\t\t\t\t<\/div>\n\t\t<\/div>\n\t\t\t\t\t<\/div>\n\t\t<\/section>\n\t\t\t\t<\/div>\n\t\t","protected":false},"excerpt":{"rendered":"<p>12 august 2022 Repara\u021bia str\u0103zii Cuza Vod\u0103, sectorul Botanica Pe strada Cuza Vod\u0103, tronsonul bd. Dacia &#8211; str. Sarmisegetusa, continu\u0103 lucr\u0103rile de reabilita&#8230; Continue reading 11 august 2022 Au \u00eenceput lucr\u0103rile de repara\u021bie a str\u0103zii Ion Neculce, sectorul Buiucani Strada Ion Neculce va fi reabilitat\u0103 integral, at\u00e2t partea carosabil\u0103, c\u00e2t \u0219i trotuarele. Drumarii R&#8230; Continue [&hellip;]<\/p>\n","protected":false},"author":1,"featured_media":0,"parent":0,"menu_order":0,"comment_status":"closed","ping_status":"closed","template":"","meta":{"footnotes":""},"class_list":["post-7850","page","type-page","status-publish","hentry"],"yoast_head":"<!-- This site is optimized with the Yoast SEO plugin v27.5 - https:\/\/yoast.com\/product\/yoast-seo-wordpress\/ -->\n<title>Lucr\u0103ri de \u00eentre\u021binere (Exdrupo) - dgtpcc.md<\/title>\n<meta name=\"robots\" content=\"index, follow, max-snippet:-1, max-image-preview:large, max-video-preview:-1\" \/>\n<link rel=\"canonical\" href=\"https:\/\/dgtpcc.md\/?page_id=7850\" \/>\n<meta property=\"og:locale\" content=\"ro_RO\" \/>\n<meta property=\"og:type\" content=\"article\" \/>\n<meta property=\"og:title\" content=\"Lucr\u0103ri de \u00eentre\u021binere (Exdrupo) - dgtpcc.md\" \/>\n<meta property=\"og:description\" content=\"12 august 2022 Repara\u021bia str\u0103zii Cuza Vod\u0103, sectorul Botanica Pe strada Cuza Vod\u0103, tronsonul bd. Dacia &#8211; str. Sarmisegetusa, continu\u0103 lucr\u0103rile de reabilita&#8230; Continue reading 11 august 2022 Au \u00eenceput lucr\u0103rile de repara\u021bie a str\u0103zii Ion Neculce, sectorul Buiucani Strada Ion Neculce va fi reabilitat\u0103 integral, at\u00e2t partea carosabil\u0103, c\u00e2t \u0219i trotuarele. Drumarii R&#8230; Continue [&hellip;]\" \/>\n<meta property=\"og:url\" content=\"https:\/\/dgtpcc.md\/?page_id=7850\" \/>\n<meta property=\"og:site_name\" content=\"dgtpcc.md\" \/>\n<meta property=\"article:publisher\" content=\"https:\/\/www.facebook.com\/DGTPCC\" \/>\n<meta property=\"article:modified_time\" content=\"2022-11-24T08:47:27+00:00\" \/>\n<meta property=\"og:image\" content=\"https:\/\/mobilitatechisinau.md\/wp-content\/uploads\/2022\/08\/Reparatia-strazii-Cuza-Voda-480x275.jpg\" \/>\n<meta name=\"twitter:card\" content=\"summary_large_image\" \/>\n<meta name=\"twitter:label1\" content=\"Timp estimat pentru citire\" \/>\n\t<meta name=\"twitter:data1\" content=\"3 minute\" \/>\n<script type=\"application\/ld+json\" class=\"yoast-schema-graph\">{\"@context\":\"https:\\\/\\\/schema.org\",\"@graph\":[{\"@type\":\"WebPage\",\"@id\":\"https:\\\/\\\/dgtpcc.md\\\/?page_id=7850\",\"url\":\"https:\\\/\\\/dgtpcc.md\\\/?page_id=7850\",\"name\":\"Lucr\u0103ri de \u00eentre\u021binere (Exdrupo) - dgtpcc.md\",\"isPartOf\":{\"@id\":\"https:\\\/\\\/dgtpcc.md\\\/#website\"},\"primaryImageOfPage\":{\"@id\":\"https:\\\/\\\/dgtpcc.md\\\/?page_id=7850#primaryimage\"},\"image\":{\"@id\":\"https:\\\/\\\/dgtpcc.md\\\/?page_id=7850#primaryimage\"},\"thumbnailUrl\":\"https:\\\/\\\/mobilitatechisinau.md\\\/wp-content\\\/uploads\\\/2022\\\/08\\\/Reparatia-strazii-Cuza-Voda-480x275.jpg\",\"datePublished\":\"2022-08-08T06:24:34+00:00\",\"dateModified\":\"2022-11-24T08:47:27+00:00\",\"breadcrumb\":{\"@id\":\"https:\\\/\\\/dgtpcc.md\\\/?page_id=7850#breadcrumb\"},\"inLanguage\":\"ro-RO\",\"potentialAction\":[{\"@type\":\"ReadAction\",\"target\":[\"https:\\\/\\\/dgtpcc.md\\\/?page_id=7850\"]}]},{\"@type\":\"ImageObject\",\"inLanguage\":\"ro-RO\",\"@id\":\"https:\\\/\\\/dgtpcc.md\\\/?page_id=7850#primaryimage\",\"url\":\"https:\\\/\\\/mobilitatechisinau.md\\\/wp-content\\\/uploads\\\/2022\\\/08\\\/Reparatia-strazii-Cuza-Voda-480x275.jpg\",\"contentUrl\":\"https:\\\/\\\/mobilitatechisinau.md\\\/wp-content\\\/uploads\\\/2022\\\/08\\\/Reparatia-strazii-Cuza-Voda-480x275.jpg\"},{\"@type\":\"BreadcrumbList\",\"@id\":\"https:\\\/\\\/dgtpcc.md\\\/?page_id=7850#breadcrumb\",\"itemListElement\":[{\"@type\":\"ListItem\",\"position\":1,\"name\":\"Prima pagin\u0103\",\"item\":\"https:\\\/\\\/dgtpcc.md\\\/\"},{\"@type\":\"ListItem\",\"position\":2,\"name\":\"Lucr\u0103ri de \u00eentre\u021binere (Exdrupo)\"}]},{\"@type\":\"WebSite\",\"@id\":\"https:\\\/\\\/dgtpcc.md\\\/#website\",\"url\":\"https:\\\/\\\/dgtpcc.md\\\/\",\"name\":\"dgtpcc.md\",\"description\":\"Direc\u0163ia general\u0103 transport public \u015fi c\u0103i de comunica\u0163ie\",\"publisher\":{\"@id\":\"https:\\\/\\\/dgtpcc.md\\\/#organization\"},\"potentialAction\":[{\"@type\":\"SearchAction\",\"target\":{\"@type\":\"EntryPoint\",\"urlTemplate\":\"https:\\\/\\\/dgtpcc.md\\\/?s={search_term_string}\"},\"query-input\":{\"@type\":\"PropertyValueSpecification\",\"valueRequired\":true,\"valueName\":\"search_term_string\"}}],\"inLanguage\":\"ro-RO\"},{\"@type\":\"Organization\",\"@id\":\"https:\\\/\\\/dgtpcc.md\\\/#organization\",\"name\":\"Direc\u0163ia general\u0103 transport public \u015fi c\u0103i de comunica\u0163ie\",\"url\":\"https:\\\/\\\/dgtpcc.md\\\/\",\"logo\":{\"@type\":\"ImageObject\",\"inLanguage\":\"ro-RO\",\"@id\":\"https:\\\/\\\/dgtpcc.md\\\/#\\\/schema\\\/logo\\\/image\\\/\",\"url\":\"https:\\\/\\\/dgtpcc.md\\\/wp-content\\\/uploads\\\/2022\\\/05\\\/DGTPCC-Chis\u0326ina\u0306u-new.jpg\",\"contentUrl\":\"https:\\\/\\\/dgtpcc.md\\\/wp-content\\\/uploads\\\/2022\\\/05\\\/DGTPCC-Chis\u0326ina\u0306u-new.jpg\",\"width\":304,\"height\":80,\"caption\":\"Direc\u0163ia general\u0103 transport public \u015fi c\u0103i de comunica\u0163ie\"},\"image\":{\"@id\":\"https:\\\/\\\/dgtpcc.md\\\/#\\\/schema\\\/logo\\\/image\\\/\"},\"sameAs\":[\"https:\\\/\\\/www.facebook.com\\\/DGTPCC\"]}]}<\/script>\n<!-- \/ Yoast SEO plugin. -->","yoast_head_json":{"title":"Lucr\u0103ri de \u00eentre\u021binere (Exdrupo) - dgtpcc.md","robots":{"index":"index","follow":"follow","max-snippet":"max-snippet:-1","max-image-preview":"max-image-preview:large","max-video-preview":"max-video-preview:-1"},"canonical":"https:\/\/dgtpcc.md\/?page_id=7850","og_locale":"ro_RO","og_type":"article","og_title":"Lucr\u0103ri de \u00eentre\u021binere (Exdrupo) - dgtpcc.md","og_description":"12 august 2022 Repara\u021bia str\u0103zii Cuza Vod\u0103, sectorul Botanica Pe strada Cuza Vod\u0103, tronsonul bd. Dacia &#8211; str. Sarmisegetusa, continu\u0103 lucr\u0103rile de reabilita&#8230; Continue reading 11 august 2022 Au \u00eenceput lucr\u0103rile de repara\u021bie a str\u0103zii Ion Neculce, sectorul Buiucani Strada Ion Neculce va fi reabilitat\u0103 integral, at\u00e2t partea carosabil\u0103, c\u00e2t \u0219i trotuarele. Drumarii R&#8230; Continue [&hellip;]","og_url":"https:\/\/dgtpcc.md\/?page_id=7850","og_site_name":"dgtpcc.md","article_publisher":"https:\/\/www.facebook.com\/DGTPCC","article_modified_time":"2022-11-24T08:47:27+00:00","og_image":[{"url":"https:\/\/mobilitatechisinau.md\/wp-content\/uploads\/2022\/08\/Reparatia-strazii-Cuza-Voda-480x275.jpg","type":"","width":"","height":""}],"twitter_card":"summary_large_image","twitter_misc":{"Timp estimat pentru citire":"3 minute"},"schema":{"@context":"https:\/\/schema.org","@graph":[{"@type":"WebPage","@id":"https:\/\/dgtpcc.md\/?page_id=7850","url":"https:\/\/dgtpcc.md\/?page_id=7850","name":"Lucr\u0103ri de \u00eentre\u021binere (Exdrupo) - dgtpcc.md","isPartOf":{"@id":"https:\/\/dgtpcc.md\/#website"},"primaryImageOfPage":{"@id":"https:\/\/dgtpcc.md\/?page_id=7850#primaryimage"},"image":{"@id":"https:\/\/dgtpcc.md\/?page_id=7850#primaryimage"},"thumbnailUrl":"https:\/\/mobilitatechisinau.md\/wp-content\/uploads\/2022\/08\/Reparatia-strazii-Cuza-Voda-480x275.jpg","datePublished":"2022-08-08T06:24:34+00:00","dateModified":"2022-11-24T08:47:27+00:00","breadcrumb":{"@id":"https:\/\/dgtpcc.md\/?page_id=7850#breadcrumb"},"inLanguage":"ro-RO","potentialAction":[{"@type":"ReadAction","target":["https:\/\/dgtpcc.md\/?page_id=7850"]}]},{"@type":"ImageObject","inLanguage":"ro-RO","@id":"https:\/\/dgtpcc.md\/?page_id=7850#primaryimage","url":"https:\/\/mobilitatechisinau.md\/wp-content\/uploads\/2022\/08\/Reparatia-strazii-Cuza-Voda-480x275.jpg","contentUrl":"https:\/\/mobilitatechisinau.md\/wp-content\/uploads\/2022\/08\/Reparatia-strazii-Cuza-Voda-480x275.jpg"},{"@type":"BreadcrumbList","@id":"https:\/\/dgtpcc.md\/?page_id=7850#breadcrumb","itemListElement":[{"@type":"ListItem","position":1,"name":"Prima pagin\u0103","item":"https:\/\/dgtpcc.md\/"},{"@type":"ListItem","position":2,"name":"Lucr\u0103ri de \u00eentre\u021binere (Exdrupo)"}]},{"@type":"WebSite","@id":"https:\/\/dgtpcc.md\/#website","url":"https:\/\/dgtpcc.md\/","name":"dgtpcc.md","description":"Direc\u0163ia general\u0103 transport public \u015fi c\u0103i de comunica\u0163ie","publisher":{"@id":"https:\/\/dgtpcc.md\/#organization"},"potentialAction":[{"@type":"SearchAction","target":{"@type":"EntryPoint","urlTemplate":"https:\/\/dgtpcc.md\/?s={search_term_string}"},"query-input":{"@type":"PropertyValueSpecification","valueRequired":true,"valueName":"search_term_string"}}],"inLanguage":"ro-RO"},{"@type":"Organization","@id":"https:\/\/dgtpcc.md\/#organization","name":"Direc\u0163ia general\u0103 transport public \u015fi c\u0103i de comunica\u0163ie","url":"https:\/\/dgtpcc.md\/","logo":{"@type":"ImageObject","inLanguage":"ro-RO","@id":"https:\/\/dgtpcc.md\/#\/schema\/logo\/image\/","url":"https:\/\/dgtpcc.md\/wp-content\/uploads\/2022\/05\/DGTPCC-Chis\u0326ina\u0306u-new.jpg","contentUrl":"https:\/\/dgtpcc.md\/wp-content\/uploads\/2022\/05\/DGTPCC-Chis\u0326ina\u0306u-new.jpg","width":304,"height":80,"caption":"Direc\u0163ia general\u0103 transport public \u015fi c\u0103i de comunica\u0163ie"},"image":{"@id":"https:\/\/dgtpcc.md\/#\/schema\/logo\/image\/"},"sameAs":["https:\/\/www.facebook.com\/DGTPCC"]}]}},"_links":{"self":[{"href":"https:\/\/dgtpcc.md\/index.php?rest_route=\/wp\/v2\/pages\/7850","targetHints":{"allow":["GET"]}}],"collection":[{"href":"https:\/\/dgtpcc.md\/index.php?rest_route=\/wp\/v2\/pages"}],"about":[{"href":"https:\/\/dgtpcc.md\/index.php?rest_route=\/wp\/v2\/types\/page"}],"author":[{"embeddable":true,"href":"https:\/\/dgtpcc.md\/index.php?rest_route=\/wp\/v2\/users\/1"}],"replies":[{"embeddable":true,"href":"https:\/\/dgtpcc.md\/index.php?rest_route=%2Fwp%2Fv2%2Fcomments&post=7850"}],"version-history":[{"count":22,"href":"https:\/\/dgtpcc.md\/index.php?rest_route=\/wp\/v2\/pages\/7850\/revisions"}],"predecessor-version":[{"id":8461,"href":"https:\/\/dgtpcc.md\/index.php?rest_route=\/wp\/v2\/pages\/7850\/revisions\/8461"}],"wp:attachment":[{"href":"https:\/\/dgtpcc.md\/index.php?rest_route=%2Fwp%2Fv2%2Fmedia&parent=7850"}],"curies":[{"name":"wp","href":"https:\/\/api.w.org\/{rel}","templated":true}]}}