{"id":6794,"date":"2022-03-18T12:15:35","date_gmt":"2022-03-18T10:15:35","guid":{"rendered":"https:\/\/dgtpcc.md\/?page_id=6794"},"modified":"2022-06-06T07:59:24","modified_gmt":"2022-06-06T05:59:24","slug":"galerie-video","status":"publish","type":"page","link":"https:\/\/dgtpcc.md\/?page_id=6794","title":{"rendered":"Galerie Video"},"content":{"rendered":"\t\t<div data-elementor-type=\"wp-page\" data-elementor-id=\"6794\" class=\"elementor elementor-6794\">\n\t\t\t\t\t\t<section class=\"elementor-section elementor-top-section elementor-element elementor-element-1cf0f8d elementor-section-boxed elementor-section-height-default elementor-section-height-default default-style\" data-id=\"1cf0f8d\" data-element_type=\"section\" data-e-type=\"section\" data-settings=\"{&quot;rt_color_sets&quot;:&quot;default-style&quot;}\">\n\t\t\t\t\t\t<div class=\"elementor-container elementor-column-gap-default\">\n\t\t\t\t\t<div class=\"elementor-column elementor-col-100 elementor-top-column elementor-element elementor-element-2f6e42f\" data-id=\"2f6e42f\" data-element_type=\"column\" data-e-type=\"column\">\n\t\t\t<div class=\"elementor-widget-wrap elementor-element-populated\">\n\t\t\t\t\t\t<div class=\"elementor-element elementor-element-8772f31 elementor-widget elementor-widget-rt-blog\" data-id=\"8772f31\" data-element_type=\"widget\" data-e-type=\"widget\" data-widget_type=\"rt-blog.default\">\n\t\t\t\t<div class=\"elementor-widget-container\">\n\t\t\t\t\t\n<div id=\"blog-dynamicID-775276\" class=\"blog_list clearfix fixed_heights\" data-column-width=\"3\">\n<div class=\"row clearfix\">\n<article id=\"8327\" class=\"col col-sm-4 post-8327 post type-post status-publish format-video hentry category-galerie-video post_format-post-format-video\"><div class=\"post-content-wrapper boxed\">\n \n\n<!-- blog box-->\n\t\n\t\t<div class=\"featured_video featured_media\">\n\t\t<div class=\"video-container embed-responsive embed-responsive-16by9\"><iframe class=\"embed-responsive-item\" src=\"\/\/www.youtube.com\/embed\/q3cHvDgQovQ?rel=0&amp;showinfo=0\" allowfullscreen><\/iframe><\/div>\t<\/div> \t\t\n\t\n\t<!-- blog box-->\n\t\t\t\t\t\n\n\t<div class=\"entry-content text\">\n\n\t\t<!-- blog headline-->\n\t\t<h5 class=\"entry-title\"><a href=\"https:\/\/dgtpcc.md\/?p=8327\" rel=\"bookmark\">Bulevardul Rena\u0219terii Na\u021bionale dup\u0103 lucr\u0103rile de reabilitare a carosabilului<\/a><\/h5> \n\n\t\t\n\t\t<p><\/p>\t<\/div> \n\n\t<div class=\"entry-footer\">\n\n\t\t<a href=\"https:\/\/dgtpcc.md\/?p=8327\" class=\"read_more\">Continue reading<\/a>\n\t<\/div>\n\n<!-- \/ blog box-->\n<\/div><\/article>\n<article id=\"8323\" class=\"col col-sm-4 post-8323 post type-post status-publish format-video hentry category-galerie-video post_format-post-format-video\"><div class=\"post-content-wrapper boxed\">\n \n\n<!-- blog box-->\n\t\n\t\t<div class=\"featured_video featured_media\">\n\t\t<div class=\"video-container embed-responsive embed-responsive-16by9\"><iframe class=\"embed-responsive-item\" src=\"\/\/www.youtube.com\/embed\/Cg2KJrvz8nk?rel=0&amp;showinfo=0\" allowfullscreen><\/iframe><\/div>\t<\/div> \t\t\n\t\n\t<!-- blog box-->\n\t\t\t\t\t\n\n\t<div class=\"entry-content text\">\n\n\t\t<!-- blog headline-->\n\t\t<h5 class=\"entry-title\"><a href=\"https:\/\/dgtpcc.md\/?p=8323\" rel=\"bookmark\">Strada 31 August 1989 a \u00eentrat \u00een repara\u021bie<\/a><\/h5> \n\n\t\t\n\t\t<p>Au demarat lucr\u0103rile de repara\u021bie a str\u0103zii 31 August 1989, care presupun reabilitarea carosabilului...<\/p>\t<\/div> \n\n\t<div class=\"entry-footer\">\n\n\t\t<a href=\"https:\/\/dgtpcc.md\/?p=8323\" class=\"read_more\">Continue reading<\/a>\n\t<\/div>\n\n<!-- \/ blog box-->\n<\/div><\/article>\n<article id=\"7671\" class=\"col col-sm-4 post-7671 post type-post status-publish format-video hentry category-comunicate category-galerie-video post_format-post-format-video\"><div class=\"post-content-wrapper boxed\">\n \n\n<!-- blog box-->\n\t\n\t\t<div class=\"featured_video featured_media\">\n\t\t<div style=\"width: 1220px;\" class=\"wp-video\"><video class=\"wp-video-shortcode\" id=\"video-7671-1\" width=\"1220\" height=\"360\" preload=\"metadata\" controls=\"controls\"><source type=\"video\/mp4\" src=\"https:\/\/dgtpcc.md\/wp-content\/uploads\/2022\/06\/tarif_troleu.mp4?_=1\" \/><a href=\"https:\/\/dgtpcc.md\/wp-content\/uploads\/2022\/06\/tarif_troleu.mp4\">https:\/\/dgtpcc.md\/wp-content\/uploads\/2022\/06\/tarif_troleu.mp4<\/a><\/video><\/div>\t<\/div> \t\t\n\t\n\t<!-- blog box-->\n\t\t\t\t\t\n\n\t<div class=\"entry-content text\">\n\n\t\t<!-- blog headline-->\n\t\t<h5 class=\"entry-title\"><a href=\"https:\/\/dgtpcc.md\/?p=7671\" rel=\"bookmark\">Din 1 iulie intr\u0103 \u00een vigoare tariful unic pentru c\u0103l\u0103toriile \u00een transportul public, ce are scopul de echilibrare a cheltuielilor de \u00eentre\u021binere \u0219i dezvoltare a re\u021belei transportului public municipal<\/a><\/h5> \n\n\t\t\n\t\t<p><\/p>\t<\/div> \n\n\t<div class=\"entry-footer\">\n\n\t\t<a href=\"https:\/\/dgtpcc.md\/?p=7671\" class=\"read_more\">Continue reading<\/a>\n\t<\/div>\n\n<!-- \/ blog box-->\n<\/div><\/article>\n<\/div>\n<div class=\"row clearfix\">\n<article id=\"7454\" class=\"col col-sm-4 post-7454 post type-post status-publish format-video hentry category-galerie-video post_format-post-format-video\"><div class=\"post-content-wrapper boxed\">\n \n\n<!-- blog box-->\n\t\n\t\t<div class=\"featured_video featured_media\">\n\t\t<div class=\"video-container embed-responsive embed-responsive-16by9\"><iframe class=\"embed-responsive-item\" src=\"\/\/www.youtube.com\/embed\/Ag9HpO-aMzw?rel=0&amp;showinfo=0\" allowfullscreen><\/iframe><\/div>\t<\/div> \t\t\n\t\n\t<!-- blog box-->\n\t\t\t\t\t\n\n\t<div class=\"entry-content text\">\n\n\t\t<!-- blog headline-->\n\t\t<h5 class=\"entry-title\"><a href=\"https:\/\/dgtpcc.md\/?p=7454\" rel=\"bookmark\">Prezentarea public\u0103 a proiectului \u201eExtinderea bd. Mircea cel B\u0103tr\u00e2n, cu prelungirea liniei de troleibuze p\u00e2n\u0103 la str. Bucovinei\u201d\u200b<\/a><\/h5> \n\n\t\t\n\t\t<p><\/p>\t<\/div> \n\n\t<div class=\"entry-footer\">\n\n\t\t<a href=\"https:\/\/dgtpcc.md\/?p=7454\" class=\"read_more\">Continue reading<\/a>\n\t<\/div>\n\n<!-- \/ blog box-->\n<\/div><\/article>\n<article id=\"7451\" class=\"col col-sm-4 post-7451 post type-post status-publish format-video hentry category-galerie-video tag-chisinau tag-reparare tag-strazi post_format-post-format-video\"><div class=\"post-content-wrapper boxed\">\n \n\n<!-- blog box-->\n\t\n\t\t<div class=\"featured_video featured_media\">\n\t\t<div class=\"video-container embed-responsive embed-responsive-16by9\"><iframe class=\"embed-responsive-item\" src=\"\/\/www.youtube.com\/embed\/4CuuEQ_jUnw?rel=0&amp;showinfo=0\" allowfullscreen><\/iframe><\/div>\t<\/div> \t\t\n\t\n\t<!-- blog box-->\n\t\t\t\t\t\n\n\t<div class=\"entry-content text\">\n\n\t\t<!-- blog headline-->\n\t\t<h5 class=\"entry-title\"><a href=\"https:\/\/dgtpcc.md\/?p=7451\" rel=\"bookmark\">Repara\u021bia str\u0103zii Alexandru cel Bun\u200b<\/a><\/h5> \n\n\t\t\n\t\t<p>Conform contractului, lucr\u0103rile urmeaz\u0103 a fi realizate timp de 18 luni \u0219i prev\u0103d reabilitarea str\u0103zi...<\/p>\t<\/div> \n\n\t<div class=\"entry-footer\">\n\n\t\t<a href=\"https:\/\/dgtpcc.md\/?p=7451\" class=\"read_more\">Continue reading<\/a>\n\t<\/div>\n\n<!-- \/ blog box-->\n<\/div><\/article>\n<article id=\"7446\" class=\"col col-sm-4 post-7446 post type-post status-publish format-video hentry category-galerie-video post_format-post-format-video\"><div class=\"post-content-wrapper boxed\">\n \n\n<!-- blog box-->\n\t\n\t\t<div class=\"featured_video featured_media\">\n\t\t<div class=\"video-container embed-responsive embed-responsive-16by9\"><iframe class=\"embed-responsive-item\" src=\"\/\/www.youtube.com\/embed\/wdcpwFKcxC8?rel=0&amp;showinfo=0\" allowfullscreen><\/iframe><\/div>\t<\/div> \t\t\n\t\n\t<!-- blog box-->\n\t\t\t\t\t\n\n\t<div class=\"entry-content text\">\n\n\t\t<!-- blog headline-->\n\t\t<h5 class=\"entry-title\"><a href=\"https:\/\/dgtpcc.md\/?p=7446\" rel=\"bookmark\">Strada Tighina a intrat \u00een repara\u021bie\u200b<\/a><\/h5> \n\n\t\t\n\t\t<p>Au \u00eenceput lucr\u0103rile de repara\u021bie a str\u0103zii Tighina, care presupun reabilitarea \u00eenveli\u0219ului asfaltic...<\/p>\t<\/div> \n\n\t<div class=\"entry-footer\">\n\n\t\t<a href=\"https:\/\/dgtpcc.md\/?p=7446\" class=\"read_more\">Continue reading<\/a>\n\t<\/div>\n\n<!-- \/ blog box-->\n<\/div><\/article>\n<\/div>\n<\/div>\n\t\t\t\t<\/div>\n\t\t\t\t<\/div>\n\t\t\t\t\t<\/div>\n\t\t<\/div>\n\t\t\t\t\t<\/div>\n\t\t<\/section>\n\t\t\t\t<\/div>\n\t\t","protected":false},"excerpt":{"rendered":"<p>Prezentarea public\u0103 a proiectului \u201eExtinderea bd. Mircea cel B\u0103tr\u00e2n, cu prelungirea liniei de troleibuze p\u00e2n\u0103 la str. Bucovinei\u201d\u200b Continue reading Repara\u021bia str\u0103zii Alexandru cel Bun\u200b Conform contractului, lucr\u0103rile urmeaz\u0103 a fi realizate timp de 18 luni \u0219i prev\u0103d reabilitarea str\u0103zi&#8230; Continue reading Strada Tighina a intrat \u00een repara\u021bie\u200b Au \u00eenceput lucr\u0103rile de repara\u021bie a str\u0103zii [&hellip;]<\/p>\n","protected":false},"author":1,"featured_media":0,"parent":0,"menu_order":0,"comment_status":"closed","ping_status":"closed","template":"","meta":{"footnotes":""},"class_list":["post-6794","page","type-page","status-publish","hentry"],"yoast_head":"<!-- This site is optimized with the Yoast SEO plugin v27.5 - https:\/\/yoast.com\/product\/yoast-seo-wordpress\/ -->\n<title>Galerie Video - dgtpcc.md<\/title>\n<meta name=\"robots\" content=\"index, follow, max-snippet:-1, max-image-preview:large, max-video-preview:-1\" \/>\n<link rel=\"canonical\" href=\"https:\/\/dgtpcc.md\/?page_id=6794\" \/>\n<meta property=\"og:locale\" content=\"ro_RO\" \/>\n<meta property=\"og:type\" content=\"article\" \/>\n<meta property=\"og:title\" content=\"Galerie Video - dgtpcc.md\" \/>\n<meta property=\"og:description\" content=\"Prezentarea public\u0103 a proiectului \u201eExtinderea bd. Mircea cel B\u0103tr\u00e2n, cu prelungirea liniei de troleibuze p\u00e2n\u0103 la str. Bucovinei\u201d\u200b Continue reading Repara\u021bia str\u0103zii Alexandru cel Bun\u200b Conform contractului, lucr\u0103rile urmeaz\u0103 a fi realizate timp de 18 luni \u0219i prev\u0103d reabilitarea str\u0103zi&#8230; Continue reading Strada Tighina a intrat \u00een repara\u021bie\u200b Au \u00eenceput lucr\u0103rile de repara\u021bie a str\u0103zii [&hellip;]\" \/>\n<meta property=\"og:url\" content=\"https:\/\/dgtpcc.md\/?page_id=6794\" \/>\n<meta property=\"og:site_name\" content=\"dgtpcc.md\" \/>\n<meta property=\"article:publisher\" content=\"https:\/\/www.facebook.com\/DGTPCC\" \/>\n<meta property=\"article:modified_time\" content=\"2022-06-06T05:59:24+00:00\" \/>\n<meta name=\"twitter:card\" content=\"summary_large_image\" \/>\n<meta name=\"twitter:label1\" content=\"Timp estimat pentru citire\" \/>\n\t<meta name=\"twitter:data1\" content=\"1 minut\" \/>\n<script type=\"application\/ld+json\" class=\"yoast-schema-graph\">{\"@context\":\"https:\\\/\\\/schema.org\",\"@graph\":[{\"@type\":\"WebPage\",\"@id\":\"https:\\\/\\\/dgtpcc.md\\\/?page_id=6794\",\"url\":\"https:\\\/\\\/dgtpcc.md\\\/?page_id=6794\",\"name\":\"Galerie Video - dgtpcc.md\",\"isPartOf\":{\"@id\":\"https:\\\/\\\/dgtpcc.md\\\/#website\"},\"datePublished\":\"2022-03-18T10:15:35+00:00\",\"dateModified\":\"2022-06-06T05:59:24+00:00\",\"breadcrumb\":{\"@id\":\"https:\\\/\\\/dgtpcc.md\\\/?page_id=6794#breadcrumb\"},\"inLanguage\":\"ro-RO\",\"potentialAction\":[{\"@type\":\"ReadAction\",\"target\":[\"https:\\\/\\\/dgtpcc.md\\\/?page_id=6794\"]}]},{\"@type\":\"BreadcrumbList\",\"@id\":\"https:\\\/\\\/dgtpcc.md\\\/?page_id=6794#breadcrumb\",\"itemListElement\":[{\"@type\":\"ListItem\",\"position\":1,\"name\":\"Prima pagin\u0103\",\"item\":\"https:\\\/\\\/dgtpcc.md\\\/\"},{\"@type\":\"ListItem\",\"position\":2,\"name\":\"Galerie Video\"}]},{\"@type\":\"WebSite\",\"@id\":\"https:\\\/\\\/dgtpcc.md\\\/#website\",\"url\":\"https:\\\/\\\/dgtpcc.md\\\/\",\"name\":\"dgtpcc.md\",\"description\":\"Direc\u0163ia general\u0103 transport public \u015fi c\u0103i de comunica\u0163ie\",\"publisher\":{\"@id\":\"https:\\\/\\\/dgtpcc.md\\\/#organization\"},\"potentialAction\":[{\"@type\":\"SearchAction\",\"target\":{\"@type\":\"EntryPoint\",\"urlTemplate\":\"https:\\\/\\\/dgtpcc.md\\\/?s={search_term_string}\"},\"query-input\":{\"@type\":\"PropertyValueSpecification\",\"valueRequired\":true,\"valueName\":\"search_term_string\"}}],\"inLanguage\":\"ro-RO\"},{\"@type\":\"Organization\",\"@id\":\"https:\\\/\\\/dgtpcc.md\\\/#organization\",\"name\":\"Direc\u0163ia general\u0103 transport public \u015fi c\u0103i de comunica\u0163ie\",\"url\":\"https:\\\/\\\/dgtpcc.md\\\/\",\"logo\":{\"@type\":\"ImageObject\",\"inLanguage\":\"ro-RO\",\"@id\":\"https:\\\/\\\/dgtpcc.md\\\/#\\\/schema\\\/logo\\\/image\\\/\",\"url\":\"https:\\\/\\\/dgtpcc.md\\\/wp-content\\\/uploads\\\/2022\\\/05\\\/DGTPCC-Chis\u0326ina\u0306u-new.jpg\",\"contentUrl\":\"https:\\\/\\\/dgtpcc.md\\\/wp-content\\\/uploads\\\/2022\\\/05\\\/DGTPCC-Chis\u0326ina\u0306u-new.jpg\",\"width\":304,\"height\":80,\"caption\":\"Direc\u0163ia general\u0103 transport public \u015fi c\u0103i de comunica\u0163ie\"},\"image\":{\"@id\":\"https:\\\/\\\/dgtpcc.md\\\/#\\\/schema\\\/logo\\\/image\\\/\"},\"sameAs\":[\"https:\\\/\\\/www.facebook.com\\\/DGTPCC\"]}]}<\/script>\n<!-- \/ Yoast SEO plugin. -->","yoast_head_json":{"title":"Galerie Video - dgtpcc.md","robots":{"index":"index","follow":"follow","max-snippet":"max-snippet:-1","max-image-preview":"max-image-preview:large","max-video-preview":"max-video-preview:-1"},"canonical":"https:\/\/dgtpcc.md\/?page_id=6794","og_locale":"ro_RO","og_type":"article","og_title":"Galerie Video - dgtpcc.md","og_description":"Prezentarea public\u0103 a proiectului \u201eExtinderea bd. Mircea cel B\u0103tr\u00e2n, cu prelungirea liniei de troleibuze p\u00e2n\u0103 la str. Bucovinei\u201d\u200b Continue reading Repara\u021bia str\u0103zii Alexandru cel Bun\u200b Conform contractului, lucr\u0103rile urmeaz\u0103 a fi realizate timp de 18 luni \u0219i prev\u0103d reabilitarea str\u0103zi&#8230; Continue reading Strada Tighina a intrat \u00een repara\u021bie\u200b Au \u00eenceput lucr\u0103rile de repara\u021bie a str\u0103zii [&hellip;]","og_url":"https:\/\/dgtpcc.md\/?page_id=6794","og_site_name":"dgtpcc.md","article_publisher":"https:\/\/www.facebook.com\/DGTPCC","article_modified_time":"2022-06-06T05:59:24+00:00","twitter_card":"summary_large_image","twitter_misc":{"Timp estimat pentru citire":"1 minut"},"schema":{"@context":"https:\/\/schema.org","@graph":[{"@type":"WebPage","@id":"https:\/\/dgtpcc.md\/?page_id=6794","url":"https:\/\/dgtpcc.md\/?page_id=6794","name":"Galerie Video - dgtpcc.md","isPartOf":{"@id":"https:\/\/dgtpcc.md\/#website"},"datePublished":"2022-03-18T10:15:35+00:00","dateModified":"2022-06-06T05:59:24+00:00","breadcrumb":{"@id":"https:\/\/dgtpcc.md\/?page_id=6794#breadcrumb"},"inLanguage":"ro-RO","potentialAction":[{"@type":"ReadAction","target":["https:\/\/dgtpcc.md\/?page_id=6794"]}]},{"@type":"BreadcrumbList","@id":"https:\/\/dgtpcc.md\/?page_id=6794#breadcrumb","itemListElement":[{"@type":"ListItem","position":1,"name":"Prima pagin\u0103","item":"https:\/\/dgtpcc.md\/"},{"@type":"ListItem","position":2,"name":"Galerie Video"}]},{"@type":"WebSite","@id":"https:\/\/dgtpcc.md\/#website","url":"https:\/\/dgtpcc.md\/","name":"dgtpcc.md","description":"Direc\u0163ia general\u0103 transport public \u015fi c\u0103i de comunica\u0163ie","publisher":{"@id":"https:\/\/dgtpcc.md\/#organization"},"potentialAction":[{"@type":"SearchAction","target":{"@type":"EntryPoint","urlTemplate":"https:\/\/dgtpcc.md\/?s={search_term_string}"},"query-input":{"@type":"PropertyValueSpecification","valueRequired":true,"valueName":"search_term_string"}}],"inLanguage":"ro-RO"},{"@type":"Organization","@id":"https:\/\/dgtpcc.md\/#organization","name":"Direc\u0163ia general\u0103 transport public \u015fi c\u0103i de comunica\u0163ie","url":"https:\/\/dgtpcc.md\/","logo":{"@type":"ImageObject","inLanguage":"ro-RO","@id":"https:\/\/dgtpcc.md\/#\/schema\/logo\/image\/","url":"https:\/\/dgtpcc.md\/wp-content\/uploads\/2022\/05\/DGTPCC-Chis\u0326ina\u0306u-new.jpg","contentUrl":"https:\/\/dgtpcc.md\/wp-content\/uploads\/2022\/05\/DGTPCC-Chis\u0326ina\u0306u-new.jpg","width":304,"height":80,"caption":"Direc\u0163ia general\u0103 transport public \u015fi c\u0103i de comunica\u0163ie"},"image":{"@id":"https:\/\/dgtpcc.md\/#\/schema\/logo\/image\/"},"sameAs":["https:\/\/www.facebook.com\/DGTPCC"]}]}},"_links":{"self":[{"href":"https:\/\/dgtpcc.md\/index.php?rest_route=\/wp\/v2\/pages\/6794","targetHints":{"allow":["GET"]}}],"collection":[{"href":"https:\/\/dgtpcc.md\/index.php?rest_route=\/wp\/v2\/pages"}],"about":[{"href":"https:\/\/dgtpcc.md\/index.php?rest_route=\/wp\/v2\/types\/page"}],"author":[{"embeddable":true,"href":"https:\/\/dgtpcc.md\/index.php?rest_route=\/wp\/v2\/users\/1"}],"replies":[{"embeddable":true,"href":"https:\/\/dgtpcc.md\/index.php?rest_route=%2Fwp%2Fv2%2Fcomments&post=6794"}],"version-history":[{"count":7,"href":"https:\/\/dgtpcc.md\/index.php?rest_route=\/wp\/v2\/pages\/6794\/revisions"}],"predecessor-version":[{"id":7458,"href":"https:\/\/dgtpcc.md\/index.php?rest_route=\/wp\/v2\/pages\/6794\/revisions\/7458"}],"wp:attachment":[{"href":"https:\/\/dgtpcc.md\/index.php?rest_route=%2Fwp%2Fv2%2Fmedia&parent=6794"}],"curies":[{"name":"wp","href":"https:\/\/api.w.org\/{rel}","templated":true}]}}