{"id":6789,"date":"2022-03-18T12:15:11","date_gmt":"2022-03-18T10:15:11","guid":{"rendered":"https:\/\/dgtpcc.md\/?page_id=6789"},"modified":"2022-03-18T13:07:55","modified_gmt":"2022-03-18T11:07:55","slug":"galerie-foto","status":"publish","type":"page","link":"https:\/\/dgtpcc.md\/?page_id=6789","title":{"rendered":"Galerie Foto"},"content":{"rendered":"\t\t<div data-elementor-type=\"wp-page\" data-elementor-id=\"6789\" class=\"elementor elementor-6789\">\n\t\t\t\t\t\t<section class=\"elementor-section elementor-top-section elementor-element elementor-element-3cc9240 elementor-section-boxed elementor-section-height-default elementor-section-height-default default-style\" data-id=\"3cc9240\" data-element_type=\"section\" data-e-type=\"section\" data-settings=\"{&quot;rt_color_sets&quot;:&quot;default-style&quot;}\">\n\t\t\t\t\t\t<div class=\"elementor-container elementor-column-gap-default\">\n\t\t\t\t\t<div class=\"elementor-column elementor-col-100 elementor-top-column elementor-element elementor-element-ae9ff9c\" data-id=\"ae9ff9c\" data-element_type=\"column\" data-e-type=\"column\">\n\t\t\t<div class=\"elementor-widget-wrap elementor-element-populated\">\n\t\t\t\t\t\t<div class=\"elementor-element elementor-element-cc4d2b6 elementor-widget elementor-widget-rt-blog\" data-id=\"cc4d2b6\" data-element_type=\"widget\" data-e-type=\"widget\" data-widget_type=\"rt-blog.default\">\n\t\t\t\t<div class=\"elementor-widget-container\">\n\t\t\t\t\t\n<div id=\"blog-dynamicID-404509\" class=\"blog_list clearfix fixed_heights\" data-column-width=\"3\">\n<div class=\"row clearfix\">\n<article id=\"8591\" class=\"col col-sm-4 post-8591 post type-post status-publish format-gallery has-post-thumbnail hentry category-galerie-foto post_format-post-format-gallery\"><div class=\"post-content-wrapper boxed\">\n \n\n\n\n<!-- blog box-->\n\n\t\t<figure class=\"featured_image featured_media\">\n\t\t<a href=\"https:\/\/dgtpcc.md\/?p=8591\" title=\"Primele semafoare inteligente din mun. Chi\u0219in\u0103u au fost date \u00een exploatare, dup\u0103 ce au trecut perioada de testare\" class=\"imgeffect gallery\"><img fetchpriority=\"high\" decoding=\"async\" src=\"https:\/\/dgtpcc.md\/wp-content\/uploads\/2022\/12\/semafoare-480x275.jpg\" alt=\"\" class=\"\" width=\"480\" height=\"275\" \/><\/a>\t\t\n\t<\/figure> \n\t\n\t \n\n\t<a href=\"https:\/\/dgtpcc.md\/?p=8591\" title=\"Primele semafoare inteligente din mun. Chi\u0219in\u0103u au fost date \u00een exploatare, dup\u0103 ce au trecut perioada de testare\" class=\"post-date\">16 decembrie 2022<\/a>\t\t\t\t\n\n\t<div class=\"entry-content text\">\n\n\t\t<!-- blog headline-->\n\t\t<h6 class=\"entry-title\"><a href=\"https:\/\/dgtpcc.md\/?p=8591\" rel=\"bookmark\">Primele semafoare inteligente din mun. Chi\u0219in\u0103u au fost date \u00een exploatare, dup\u0103 ce au trecut perioada de testare<\/a><\/h6> \n\n\t\t\n\t\t<p><\/p>\t<\/div> \n\n\t<div class=\"entry-footer\">\n\n\t\t<a href=\"https:\/\/dgtpcc.md\/?p=8591\" class=\"read_more\">Continue reading<\/a>\n\t<\/div>\n\n<!-- \/ blog box--><\/div><\/article>\n<article id=\"8576\" class=\"col col-sm-4 post-8576 post type-post status-publish format-gallery has-post-thumbnail hentry category-galerie-foto post_format-post-format-gallery\"><div class=\"post-content-wrapper boxed\">\n \n\n\n\n<!-- blog box-->\n\n\t\t<figure class=\"featured_image featured_media\">\n\t\t<a href=\"https:\/\/dgtpcc.md\/?p=8576\" title=\"Parcul tehnic al \u00ceM Regia \u201eExdrupo\u201d a fost \u00eennoit \u00een ultimii doi ani cu mai multe autospeciale \u0219i mecanisme\" class=\"imgeffect gallery\"><img decoding=\"async\" src=\"https:\/\/dgtpcc.md\/wp-content\/uploads\/2022\/12\/exdrupo-480x275.jpg\" alt=\"\" class=\"\" width=\"480\" height=\"275\" \/><\/a>\t\t\n\t<\/figure> \n\t\n\t \n\n\t<a href=\"https:\/\/dgtpcc.md\/?p=8576\" title=\"Parcul tehnic al \u00ceM Regia \u201eExdrupo\u201d a fost \u00eennoit \u00een ultimii doi ani cu mai multe autospeciale \u0219i mecanisme\" class=\"post-date\">16 decembrie 2022<\/a>\t\t\t\t\n\n\t<div class=\"entry-content text\">\n\n\t\t<!-- blog headline-->\n\t\t<h6 class=\"entry-title\"><a href=\"https:\/\/dgtpcc.md\/?p=8576\" rel=\"bookmark\">Parcul tehnic al \u00ceM Regia \u201eExdrupo\u201d a fost \u00eennoit \u00een ultimii doi ani cu mai multe autospeciale \u0219i mecanisme<\/a><\/h6> \n\n\t\t\n\t\t<p><\/p>\t<\/div> \n\n\t<div class=\"entry-footer\">\n\n\t\t<a href=\"https:\/\/dgtpcc.md\/?p=8576\" class=\"read_more\">Continue reading<\/a>\n\t<\/div>\n\n<!-- \/ blog box--><\/div><\/article>\n<article id=\"8605\" class=\"col col-sm-4 post-8605 post type-post status-publish format-gallery has-post-thumbnail hentry category-galerie-foto post_format-post-format-gallery\"><div class=\"post-content-wrapper boxed\">\n \n\n\n\n<!-- blog box-->\n\n\t\t<figure class=\"featured_image featured_media\">\n\t\t<a href=\"https:\/\/dgtpcc.md\/?p=8605\" title=\"Vizite de studiu \u00een Cehia \u0219i Polonia pentru managerii institu\u021biilor municipale de transport public\" class=\"imgeffect gallery\"><img decoding=\"async\" src=\"https:\/\/dgtpcc.md\/wp-content\/uploads\/2022\/12\/vizita_cehia-480x275.jpg\" alt=\"\" class=\"\" width=\"480\" height=\"275\" \/><\/a>\t\t\n\t<\/figure> \n\t\n\t \n\n\t<a href=\"https:\/\/dgtpcc.md\/?p=8605\" title=\"Vizite de studiu \u00een Cehia \u0219i Polonia pentru managerii institu\u021biilor municipale de transport public\" class=\"post-date\">6 decembrie 2022<\/a>\t\t\t\t\n\n\t<div class=\"entry-content text\">\n\n\t\t<!-- blog headline-->\n\t\t<h6 class=\"entry-title\"><a href=\"https:\/\/dgtpcc.md\/?p=8605\" rel=\"bookmark\">Vizite de studiu \u00een Cehia \u0219i Polonia pentru managerii institu\u021biilor municipale de transport public<\/a><\/h6> \n\n\t\t\n\t\t<p><\/p>\t<\/div> \n\n\t<div class=\"entry-footer\">\n\n\t\t<a href=\"https:\/\/dgtpcc.md\/?p=8605\" class=\"read_more\">Continue reading<\/a>\n\t<\/div>\n\n<!-- \/ blog box--><\/div><\/article>\n<\/div>\n<div class=\"row clearfix\">\n<article id=\"8392\" class=\"col col-sm-4 post-8392 post type-post status-publish format-gallery has-post-thumbnail hentry category-galerie-foto post_format-post-format-gallery\"><div class=\"post-content-wrapper boxed\">\n \n\n\n\n<!-- blog box-->\n\n\t\t<figure class=\"featured_image featured_media\">\n\t\t<a href=\"https:\/\/dgtpcc.md\/?p=8392\" title=\"Repara\u021bii curente ale acceselor c\u0103tre institu\u021biile de \u00eenv\u0103\u021b\u0103m\u00e2nt din or. Chi\u0219in\u0103u\" class=\"imgeffect gallery\"><img loading=\"lazy\" decoding=\"async\" src=\"https:\/\/dgtpcc.md\/wp-content\/uploads\/2022\/11\/acces-in-curtile-scolilor-480x275.jpg\" alt=\"\" class=\"\" width=\"480\" height=\"275\" \/><\/a>\t\t\n\t<\/figure> \n\t\n\t \n\n\t<a href=\"https:\/\/dgtpcc.md\/?p=8392\" title=\"Repara\u021bii curente ale acceselor c\u0103tre institu\u021biile de \u00eenv\u0103\u021b\u0103m\u00e2nt din or. Chi\u0219in\u0103u\" class=\"post-date\">17 noiembrie 2022<\/a>\t\t\t\t\n\n\t<div class=\"entry-content text\">\n\n\t\t<!-- blog headline-->\n\t\t<h6 class=\"entry-title\"><a href=\"https:\/\/dgtpcc.md\/?p=8392\" rel=\"bookmark\">Repara\u021bii curente ale acceselor c\u0103tre institu\u021biile de \u00eenv\u0103\u021b\u0103m\u00e2nt din or. Chi\u0219in\u0103u<\/a><\/h6> \n\n\t\t\n\t\t<p><\/p>\t<\/div> \n\n\t<div class=\"entry-footer\">\n\n\t\t<a href=\"https:\/\/dgtpcc.md\/?p=8392\" class=\"read_more\">Continue reading<\/a>\n\t<\/div>\n\n<!-- \/ blog box--><\/div><\/article>\n<article id=\"8403\" class=\"col col-sm-4 post-8403 post type-post status-publish format-gallery has-post-thumbnail hentry category-galerie-foto post_format-post-format-gallery\"><div class=\"post-content-wrapper boxed\">\n \n\n\n\n<!-- blog box-->\n\n\t\t<figure class=\"featured_image featured_media\">\n\t\t<a href=\"https:\/\/dgtpcc.md\/?p=8403\" title=\"Evolu\u021bia lucr\u0103rilor de repara\u021bie a podului de pe strada Mihai Viteazul\" class=\"imgeffect gallery\"><img loading=\"lazy\" decoding=\"async\" src=\"https:\/\/dgtpcc.md\/wp-content\/uploads\/2022\/11\/poduri-mihai-viteazul-480x275.jpg\" alt=\"\" class=\"\" width=\"480\" height=\"275\" \/><\/a>\t\t\n\t<\/figure> \n\t\n\t \n\n\t<a href=\"https:\/\/dgtpcc.md\/?p=8403\" title=\"Evolu\u021bia lucr\u0103rilor de repara\u021bie a podului de pe strada Mihai Viteazul\" class=\"post-date\">2 noiembrie 2022<\/a>\t\t\t\t\n\n\t<div class=\"entry-content text\">\n\n\t\t<!-- blog headline-->\n\t\t<h6 class=\"entry-title\"><a href=\"https:\/\/dgtpcc.md\/?p=8403\" rel=\"bookmark\">Evolu\u021bia lucr\u0103rilor de repara\u021bie a podului de pe strada Mihai Viteazul<\/a><\/h6> \n\n\t\t\n\t\t<p><\/p>\t<\/div> \n\n\t<div class=\"entry-footer\">\n\n\t\t<a href=\"https:\/\/dgtpcc.md\/?p=8403\" class=\"read_more\">Continue reading<\/a>\n\t<\/div>\n\n<!-- \/ blog box--><\/div><\/article>\n<article id=\"8317\" class=\"col col-sm-4 post-8317 post type-post status-publish format-gallery has-post-thumbnail hentry category-galerie-foto post_format-post-format-gallery\"><div class=\"post-content-wrapper boxed\">\n \n\n\n\n<!-- blog box-->\n\n\t\t<figure class=\"featured_image featured_media\">\n\t\t<a href=\"https:\/\/dgtpcc.md\/?p=8317\" title=\"Str\u0103zi mai bune \u00een centrul Chi\u0219in\u0103ului p\u00e2n\u0103 la sf\u00e2r\u0219itul anului viitor\" class=\"imgeffect gallery\"><img loading=\"lazy\" decoding=\"async\" src=\"https:\/\/dgtpcc.md\/wp-content\/uploads\/2022\/10\/strazi-reparate-480x275.jpg\" alt=\"\" class=\"\" width=\"480\" height=\"275\" \/><\/a>\t\t\n\t<\/figure> \n\t\n\t \n\n\t<a href=\"https:\/\/dgtpcc.md\/?p=8317\" title=\"Str\u0103zi mai bune \u00een centrul Chi\u0219in\u0103ului p\u00e2n\u0103 la sf\u00e2r\u0219itul anului viitor\" class=\"post-date\">28 octombrie 2022<\/a>\t\t\t\t\n\n\t<div class=\"entry-content text\">\n\n\t\t<!-- blog headline-->\n\t\t<h6 class=\"entry-title\"><a href=\"https:\/\/dgtpcc.md\/?p=8317\" rel=\"bookmark\">Str\u0103zi mai bune \u00een centrul Chi\u0219in\u0103ului p\u00e2n\u0103 la sf\u00e2r\u0219itul anului viitor<\/a><\/h6> \n\n\t\t\n\t\t<p><\/p>\t<\/div> \n\n\t<div class=\"entry-footer\">\n\n\t\t<a href=\"https:\/\/dgtpcc.md\/?p=8317\" class=\"read_more\">Continue reading<\/a>\n\t<\/div>\n\n<!-- \/ blog box--><\/div><\/article>\n<\/div>\n<\/div>\n<div class=\"paging_wrapper margin-t30 margin-b30\"><ul class='page-numbers'>\n\t<li><span aria-current=\"page\" class=\"page-numbers current\">1<\/span><\/li>\n\t<li><a class=\"page-numbers\" href=\"https:\/\/dgtpcc.md\/index.php\/?paged=2&#038;rest_route=%2Fwp%2Fv2%2Fpages%2F6789\">2<\/a><\/li>\n\t<li><a class=\"page-numbers\" href=\"https:\/\/dgtpcc.md\/index.php\/?paged=3&#038;rest_route=%2Fwp%2Fv2%2Fpages%2F6789\">3<\/a><\/li>\n\t<li><span class=\"page-numbers dots\">&hellip;<\/span><\/li>\n\t<li><a class=\"page-numbers\" href=\"https:\/\/dgtpcc.md\/index.php\/?paged=9&#038;rest_route=%2Fwp%2Fv2%2Fpages%2F6789\">9<\/a><\/li>\n\t<li><a class=\"next page-numbers\" href=\"https:\/\/dgtpcc.md\/index.php\/?paged=2&#038;rest_route=%2Fwp%2Fv2%2Fpages%2F6789\"><span class=\"ui-icon-angle-right\"><\/span><\/a><\/li>\n<\/ul>\n<\/div>\t\t\t\t<\/div>\n\t\t\t\t<\/div>\n\t\t\t\t\t<\/div>\n\t\t<\/div>\n\t\t\t\t\t<\/div>\n\t\t<\/section>\n\t\t\t\t<\/div>\n\t\t","protected":false},"excerpt":{"rendered":"<p>14 decembrie 2021 PUA \u00eembun\u0103t\u0103\u021be\u0219te condi\u021biile de munc\u0103 pentru angaja\u021bii s\u0103i \u00centreprinderea Municipal\u0103 \u201eParcul Urban de Autobuze\u201d (PUA) a trecut printr-un amplu proces de modern&#8230; Continue reading 18 noiembrie 2021 DGTPCC cere sanc\u021bionarea unui agent economic care a blocat samavolnic circula\u021bia rutier\u0103 pe o strad\u0103 din capital\u0103 Direc\u021bia General\u0103 Transport Public \u0219i C\u0103i de Comunica\u021bie [&hellip;]<\/p>\n","protected":false},"author":1,"featured_media":0,"parent":0,"menu_order":0,"comment_status":"closed","ping_status":"closed","template":"","meta":{"footnotes":""},"class_list":["post-6789","page","type-page","status-publish","hentry"],"yoast_head":"<!-- This site is optimized with the Yoast SEO plugin v27.5 - https:\/\/yoast.com\/product\/yoast-seo-wordpress\/ -->\n<title>Galerie Foto - dgtpcc.md<\/title>\n<meta name=\"robots\" content=\"index, follow, max-snippet:-1, max-image-preview:large, max-video-preview:-1\" \/>\n<link rel=\"canonical\" href=\"https:\/\/dgtpcc.md\/?page_id=6789\" \/>\n<meta property=\"og:locale\" content=\"ro_RO\" \/>\n<meta property=\"og:type\" content=\"article\" \/>\n<meta property=\"og:title\" content=\"Galerie Foto - dgtpcc.md\" \/>\n<meta property=\"og:description\" content=\"14 decembrie 2021 PUA \u00eembun\u0103t\u0103\u021be\u0219te condi\u021biile de munc\u0103 pentru angaja\u021bii s\u0103i \u00centreprinderea Municipal\u0103 \u201eParcul Urban de Autobuze\u201d (PUA) a trecut printr-un amplu proces de modern&#8230; Continue reading 18 noiembrie 2021 DGTPCC cere sanc\u021bionarea unui agent economic care a blocat samavolnic circula\u021bia rutier\u0103 pe o strad\u0103 din capital\u0103 Direc\u021bia General\u0103 Transport Public \u0219i C\u0103i de Comunica\u021bie [&hellip;]\" \/>\n<meta property=\"og:url\" content=\"https:\/\/dgtpcc.md\/?page_id=6789\" \/>\n<meta property=\"og:site_name\" content=\"dgtpcc.md\" \/>\n<meta property=\"article:publisher\" content=\"https:\/\/www.facebook.com\/DGTPCC\" \/>\n<meta property=\"article:modified_time\" content=\"2022-03-18T11:07:55+00:00\" \/>\n<meta property=\"og:image\" content=\"https:\/\/mobilitatechisinau.md\/wp-content\/uploads\/2022\/03\/conditii-angajati-480x275.jpg\" \/>\n<meta name=\"twitter:card\" content=\"summary_large_image\" \/>\n<meta name=\"twitter:label1\" content=\"Timp estimat pentru citire\" \/>\n\t<meta name=\"twitter:data1\" content=\"1 minut\" \/>\n<script type=\"application\/ld+json\" class=\"yoast-schema-graph\">{\"@context\":\"https:\\\/\\\/schema.org\",\"@graph\":[{\"@type\":\"WebPage\",\"@id\":\"https:\\\/\\\/dgtpcc.md\\\/?page_id=6789\",\"url\":\"https:\\\/\\\/dgtpcc.md\\\/?page_id=6789\",\"name\":\"Galerie Foto - dgtpcc.md\",\"isPartOf\":{\"@id\":\"https:\\\/\\\/dgtpcc.md\\\/#website\"},\"primaryImageOfPage\":{\"@id\":\"https:\\\/\\\/dgtpcc.md\\\/?page_id=6789#primaryimage\"},\"image\":{\"@id\":\"https:\\\/\\\/dgtpcc.md\\\/?page_id=6789#primaryimage\"},\"thumbnailUrl\":\"https:\\\/\\\/mobilitatechisinau.md\\\/wp-content\\\/uploads\\\/2022\\\/03\\\/conditii-angajati-480x275.jpg\",\"datePublished\":\"2022-03-18T10:15:11+00:00\",\"dateModified\":\"2022-03-18T11:07:55+00:00\",\"breadcrumb\":{\"@id\":\"https:\\\/\\\/dgtpcc.md\\\/?page_id=6789#breadcrumb\"},\"inLanguage\":\"ro-RO\",\"potentialAction\":[{\"@type\":\"ReadAction\",\"target\":[\"https:\\\/\\\/dgtpcc.md\\\/?page_id=6789\"]}]},{\"@type\":\"ImageObject\",\"inLanguage\":\"ro-RO\",\"@id\":\"https:\\\/\\\/dgtpcc.md\\\/?page_id=6789#primaryimage\",\"url\":\"https:\\\/\\\/mobilitatechisinau.md\\\/wp-content\\\/uploads\\\/2022\\\/03\\\/conditii-angajati-480x275.jpg\",\"contentUrl\":\"https:\\\/\\\/mobilitatechisinau.md\\\/wp-content\\\/uploads\\\/2022\\\/03\\\/conditii-angajati-480x275.jpg\"},{\"@type\":\"BreadcrumbList\",\"@id\":\"https:\\\/\\\/dgtpcc.md\\\/?page_id=6789#breadcrumb\",\"itemListElement\":[{\"@type\":\"ListItem\",\"position\":1,\"name\":\"Prima pagin\u0103\",\"item\":\"https:\\\/\\\/dgtpcc.md\\\/\"},{\"@type\":\"ListItem\",\"position\":2,\"name\":\"Galerie Foto\"}]},{\"@type\":\"WebSite\",\"@id\":\"https:\\\/\\\/dgtpcc.md\\\/#website\",\"url\":\"https:\\\/\\\/dgtpcc.md\\\/\",\"name\":\"dgtpcc.md\",\"description\":\"Direc\u0163ia general\u0103 transport public \u015fi c\u0103i de comunica\u0163ie\",\"publisher\":{\"@id\":\"https:\\\/\\\/dgtpcc.md\\\/#organization\"},\"potentialAction\":[{\"@type\":\"SearchAction\",\"target\":{\"@type\":\"EntryPoint\",\"urlTemplate\":\"https:\\\/\\\/dgtpcc.md\\\/?s={search_term_string}\"},\"query-input\":{\"@type\":\"PropertyValueSpecification\",\"valueRequired\":true,\"valueName\":\"search_term_string\"}}],\"inLanguage\":\"ro-RO\"},{\"@type\":\"Organization\",\"@id\":\"https:\\\/\\\/dgtpcc.md\\\/#organization\",\"name\":\"Direc\u0163ia general\u0103 transport public \u015fi c\u0103i de comunica\u0163ie\",\"url\":\"https:\\\/\\\/dgtpcc.md\\\/\",\"logo\":{\"@type\":\"ImageObject\",\"inLanguage\":\"ro-RO\",\"@id\":\"https:\\\/\\\/dgtpcc.md\\\/#\\\/schema\\\/logo\\\/image\\\/\",\"url\":\"https:\\\/\\\/dgtpcc.md\\\/wp-content\\\/uploads\\\/2022\\\/05\\\/DGTPCC-Chis\u0326ina\u0306u-new.jpg\",\"contentUrl\":\"https:\\\/\\\/dgtpcc.md\\\/wp-content\\\/uploads\\\/2022\\\/05\\\/DGTPCC-Chis\u0326ina\u0306u-new.jpg\",\"width\":304,\"height\":80,\"caption\":\"Direc\u0163ia general\u0103 transport public \u015fi c\u0103i de comunica\u0163ie\"},\"image\":{\"@id\":\"https:\\\/\\\/dgtpcc.md\\\/#\\\/schema\\\/logo\\\/image\\\/\"},\"sameAs\":[\"https:\\\/\\\/www.facebook.com\\\/DGTPCC\"]}]}<\/script>\n<!-- \/ Yoast SEO plugin. -->","yoast_head_json":{"title":"Galerie Foto - dgtpcc.md","robots":{"index":"index","follow":"follow","max-snippet":"max-snippet:-1","max-image-preview":"max-image-preview:large","max-video-preview":"max-video-preview:-1"},"canonical":"https:\/\/dgtpcc.md\/?page_id=6789","og_locale":"ro_RO","og_type":"article","og_title":"Galerie Foto - dgtpcc.md","og_description":"14 decembrie 2021 PUA \u00eembun\u0103t\u0103\u021be\u0219te condi\u021biile de munc\u0103 pentru angaja\u021bii s\u0103i \u00centreprinderea Municipal\u0103 \u201eParcul Urban de Autobuze\u201d (PUA) a trecut printr-un amplu proces de modern&#8230; Continue reading 18 noiembrie 2021 DGTPCC cere sanc\u021bionarea unui agent economic care a blocat samavolnic circula\u021bia rutier\u0103 pe o strad\u0103 din capital\u0103 Direc\u021bia General\u0103 Transport Public \u0219i C\u0103i de Comunica\u021bie [&hellip;]","og_url":"https:\/\/dgtpcc.md\/?page_id=6789","og_site_name":"dgtpcc.md","article_publisher":"https:\/\/www.facebook.com\/DGTPCC","article_modified_time":"2022-03-18T11:07:55+00:00","og_image":[{"url":"https:\/\/mobilitatechisinau.md\/wp-content\/uploads\/2022\/03\/conditii-angajati-480x275.jpg","type":"","width":"","height":""}],"twitter_card":"summary_large_image","twitter_misc":{"Timp estimat pentru citire":"1 minut"},"schema":{"@context":"https:\/\/schema.org","@graph":[{"@type":"WebPage","@id":"https:\/\/dgtpcc.md\/?page_id=6789","url":"https:\/\/dgtpcc.md\/?page_id=6789","name":"Galerie Foto - dgtpcc.md","isPartOf":{"@id":"https:\/\/dgtpcc.md\/#website"},"primaryImageOfPage":{"@id":"https:\/\/dgtpcc.md\/?page_id=6789#primaryimage"},"image":{"@id":"https:\/\/dgtpcc.md\/?page_id=6789#primaryimage"},"thumbnailUrl":"https:\/\/mobilitatechisinau.md\/wp-content\/uploads\/2022\/03\/conditii-angajati-480x275.jpg","datePublished":"2022-03-18T10:15:11+00:00","dateModified":"2022-03-18T11:07:55+00:00","breadcrumb":{"@id":"https:\/\/dgtpcc.md\/?page_id=6789#breadcrumb"},"inLanguage":"ro-RO","potentialAction":[{"@type":"ReadAction","target":["https:\/\/dgtpcc.md\/?page_id=6789"]}]},{"@type":"ImageObject","inLanguage":"ro-RO","@id":"https:\/\/dgtpcc.md\/?page_id=6789#primaryimage","url":"https:\/\/mobilitatechisinau.md\/wp-content\/uploads\/2022\/03\/conditii-angajati-480x275.jpg","contentUrl":"https:\/\/mobilitatechisinau.md\/wp-content\/uploads\/2022\/03\/conditii-angajati-480x275.jpg"},{"@type":"BreadcrumbList","@id":"https:\/\/dgtpcc.md\/?page_id=6789#breadcrumb","itemListElement":[{"@type":"ListItem","position":1,"name":"Prima pagin\u0103","item":"https:\/\/dgtpcc.md\/"},{"@type":"ListItem","position":2,"name":"Galerie Foto"}]},{"@type":"WebSite","@id":"https:\/\/dgtpcc.md\/#website","url":"https:\/\/dgtpcc.md\/","name":"dgtpcc.md","description":"Direc\u0163ia general\u0103 transport public \u015fi c\u0103i de comunica\u0163ie","publisher":{"@id":"https:\/\/dgtpcc.md\/#organization"},"potentialAction":[{"@type":"SearchAction","target":{"@type":"EntryPoint","urlTemplate":"https:\/\/dgtpcc.md\/?s={search_term_string}"},"query-input":{"@type":"PropertyValueSpecification","valueRequired":true,"valueName":"search_term_string"}}],"inLanguage":"ro-RO"},{"@type":"Organization","@id":"https:\/\/dgtpcc.md\/#organization","name":"Direc\u0163ia general\u0103 transport public \u015fi c\u0103i de comunica\u0163ie","url":"https:\/\/dgtpcc.md\/","logo":{"@type":"ImageObject","inLanguage":"ro-RO","@id":"https:\/\/dgtpcc.md\/#\/schema\/logo\/image\/","url":"https:\/\/dgtpcc.md\/wp-content\/uploads\/2022\/05\/DGTPCC-Chis\u0326ina\u0306u-new.jpg","contentUrl":"https:\/\/dgtpcc.md\/wp-content\/uploads\/2022\/05\/DGTPCC-Chis\u0326ina\u0306u-new.jpg","width":304,"height":80,"caption":"Direc\u0163ia general\u0103 transport public \u015fi c\u0103i de comunica\u0163ie"},"image":{"@id":"https:\/\/dgtpcc.md\/#\/schema\/logo\/image\/"},"sameAs":["https:\/\/www.facebook.com\/DGTPCC"]}]}},"_links":{"self":[{"href":"https:\/\/dgtpcc.md\/index.php?rest_route=\/wp\/v2\/pages\/6789","targetHints":{"allow":["GET"]}}],"collection":[{"href":"https:\/\/dgtpcc.md\/index.php?rest_route=\/wp\/v2\/pages"}],"about":[{"href":"https:\/\/dgtpcc.md\/index.php?rest_route=\/wp\/v2\/types\/page"}],"author":[{"embeddable":true,"href":"https:\/\/dgtpcc.md\/index.php?rest_route=\/wp\/v2\/users\/1"}],"replies":[{"embeddable":true,"href":"https:\/\/dgtpcc.md\/index.php?rest_route=%2Fwp%2Fv2%2Fcomments&post=6789"}],"version-history":[{"count":7,"href":"https:\/\/dgtpcc.md\/index.php?rest_route=\/wp\/v2\/pages\/6789\/revisions"}],"predecessor-version":[{"id":6872,"href":"https:\/\/dgtpcc.md\/index.php?rest_route=\/wp\/v2\/pages\/6789\/revisions\/6872"}],"wp:attachment":[{"href":"https:\/\/dgtpcc.md\/index.php?rest_route=%2Fwp%2Fv2%2Fmedia&parent=6789"}],"curies":[{"name":"wp","href":"https:\/\/api.w.org\/{rel}","templated":true}]}}